{"id":9599,"date":"2022-08-08T12:40:31","date_gmt":"2022-08-08T10:40:31","guid":{"rendered":"http:\/\/www.ser-gmbh.net\/?page_id=9599"},"modified":"2025-11-04T12:00:09","modified_gmt":"2025-11-04T11:00:09","slug":"unternehmen","status":"publish","type":"page","link":"https:\/\/www.ser-gmbh.net\/index.php\/unternehmen\/","title":{"rendered":"Unternehmen"},"content":{"rendered":"<p>[et_pb_section fb_built=&#8220;1&#8243; admin_label=&#8220;Hero&#8220; _builder_version=&#8220;4.17.4&#8243; _module_preset=&#8220;default&#8220; custom_padding=&#8220;0px|0px|0px|0px&#8220; animation_style=&#8220;zoom&#8220; animation_intensity_zoom=&#8220;4%&#8220; global_colors_info=&#8220;{}&#8220;][et_pb_row column_structure=&#8220;1_3,2_3&#8243; use_custom_gutter=&#8220;on&#8220; gutter_width=&#8220;1&#8243; make_equal=&#8220;on&#8220; module_class=&#8220; et_pb_row_fullwidth&#8220; _builder_version=&#8220;4.18.0&#8243; _module_preset=&#8220;default&#8220; background_color=&#8220;#e64215&#8243; background_image=&#8220;http:\/\/www.ser-gmbh.net\/wp-content\/uploads\/2022\/07\/circle-background-pattern.png&#8220; parallax=&#8220;on&#8220; width=&#8220;100%&#8220; width_tablet=&#8220;100%&#8220; width_phone=&#8220;100%&#8220; width_last_edited=&#8220;on|desktop&#8220; max_width=&#8220;100%&#8220; max_width_tablet=&#8220;100%&#8220; max_width_phone=&#8220;100%&#8220; max_width_last_edited=&#8220;on|desktop&#8220; custom_padding=&#8220;0px||0px|&#8220; animation_style=&#8220;slide&#8220; animation_direction=&#8220;top&#8220; animation_intensity_slide=&#8220;3%&#8220; make_fullwidth=&#8220;on&#8220; global_colors_info=&#8220;{}&#8220;][et_pb_column type=&#8220;1_3&#8243; _builder_version=&#8220;4.17.4&#8243; _module_preset=&#8220;default&#8220; custom_padding=&#8220;10%|8%|10%|8%&#8220; global_colors_info=&#8220;{}&#8220; custom_padding__hover=&#8220;|||&#8220;][et_pb_image src=&#8220;https:\/\/www.ser-gmbh.net\/wp-content\/uploads\/2022\/09\/SER_ICON_w_m_s_kor.png&#8220; title_text=&#8220;SER_ICON_w_m_s_kor&#8220; _builder_version=&#8220;4.18.0&#8243; _module_preset=&#8220;default&#8220; transform_scale=&#8220;142%|142%&#8220; transform_scale_tablet=&#8220;100%|100%&#8220; transform_scale_phone=&#8220;100%|100%&#8220; transform_scale_last_edited=&#8220;on|tablet&#8220; transform_translate_tablet=&#8220;&#8220; transform_translate_phone=&#8220;&#8220; transform_translate_last_edited=&#8220;on|tablet&#8220; transform_rotate_tablet=&#8220;&#8220; transform_rotate_phone=&#8220;&#8220; transform_rotate_last_edited=&#8220;on|tablet&#8220; transform_skew_tablet=&#8220;&#8220; transform_skew_phone=&#8220;&#8220; transform_skew_last_edited=&#8220;on|tablet&#8220; transform_origin_tablet=&#8220;&#8220; transform_origin_phone=&#8220;&#8220; transform_origin_last_edited=&#8220;on|tablet&#8220; transform_styles_last_edited=&#8220;on|tablet&#8220; width_tablet=&#8220;&#8220; width_phone=&#8220;78%&#8220; width_last_edited=&#8220;on|phone&#8220; module_alignment=&#8220;center&#8220; custom_padding=&#8220;0px|||||&#8220; transform_styles_tablet=&#8220;&#8220; transform_styles_phone=&#8220;&#8220; global_colors_info=&#8220;{}&#8220;][\/et_pb_image][et_pb_text _builder_version=&#8220;4.17.4&#8243; _module_preset=&#8220;default&#8220; header_font=&#8220;|800|||||||&#8220; header_font_size=&#8220;60px&#8220; custom_margin=&#8220;34px|||||&#8220; custom_padding=&#8220;||11px|||&#8220; header_text_shadow_style=&#8220;preset1&#8243; header_text_shadow_vertical_length=&#8220;0.06em&#8220; header_text_shadow_blur_strength=&#8220;0.38em&#8220; global_colors_info=&#8220;{}&#8220;][\/et_pb_text][et_pb_text disabled_on=&#8220;off|off|off&#8220; _builder_version=&#8220;4.18.0&#8243; _module_preset=&#8220;default&#8220; header_font=&#8220;|700|||||||&#8220; header_text_align=&#8220;center&#8220; header_font_size=&#8220;25px&#8220; transform_scale_tablet=&#8220;178%|178%&#8220; transform_scale_phone=&#8220;158%|158%&#8220; transform_scale_last_edited=&#8220;on|desktop&#8220; transform_translate=&#8220;-4px|29px&#8220; transform_translate_tablet=&#8220;-4px|29px&#8220; transform_translate_phone=&#8220;0px|-6px&#8220; transform_translate_last_edited=&#8220;on|phone&#8220; transform_rotate_tablet=&#8220;&#8220; transform_rotate_phone=&#8220;&#8220; transform_rotate_last_edited=&#8220;on|desktop&#8220; transform_skew_tablet=&#8220;&#8220; transform_skew_phone=&#8220;&#8220; transform_skew_last_edited=&#8220;on|desktop&#8220; transform_origin_tablet=&#8220;&#8220; transform_origin_phone=&#8220;&#8220; transform_origin_last_edited=&#8220;on|desktop&#8220; transform_styles_last_edited=&#8220;on|phone&#8220; max_width=&#8220;100%&#8220; custom_margin=&#8220;19px|||||&#8220; custom_padding=&#8220;||0px|||&#8220; header_font_size_tablet=&#8220;25px&#8220; header_font_size_phone=&#8220;15px&#8220; header_font_size_last_edited=&#8220;on|phone&#8220; transform_styles_tablet=&#8220;&#8220; transform_styles_phone=&#8220;&#8220; global_colors_info=&#8220;{}&#8220;]<\/p>\n<h1 style=\"text-align: center;\"><span style=\"color: #ffffff;\">DAS UNTERNEHMEN<\/span><\/h1>\n<p>[\/et_pb_text][\/et_pb_column][et_pb_column type=&#8220;2_3&#8243; _builder_version=&#8220;4.18.0&#8243; _module_preset=&#8220;default&#8220; background_image=&#8220;https:\/\/www.ser-gmbh.net\/wp-content\/uploads\/2022\/07\/Bild_03_nslider-1030&#215;609-1.png&#8220; custom_padding=&#8220;|||&#8220; global_colors_info=&#8220;{}&#8220; custom_padding__hover=&#8220;|||&#8220;][\/et_pb_column][\/et_pb_row][\/et_pb_section][et_pb_section fb_built=&#8220;1&#8243; admin_label=&#8220;Service Section&#8220; _builder_version=&#8220;4.16&#8243; _module_preset=&#8220;default&#8220; custom_margin=&#8220;|||&#8220; custom_padding=&#8220;27px||27px||true|&#8220; global_colors_info=&#8220;{}&#8220;][et_pb_row _builder_version=&#8220;4.17.4&#8243; _module_preset=&#8220;default&#8220; custom_padding=&#8220;||12px|||&#8220; global_colors_info=&#8220;{}&#8220;][et_pb_column type=&#8220;4_4&#8243; _builder_version=&#8220;4.17.4&#8243; _module_preset=&#8220;default&#8220; global_colors_info=&#8220;{}&#8220;][et_pb_text _builder_version=&#8220;4.18.0&#8243; _module_preset=&#8220;default&#8220; header_font_size_tablet=&#8220;&#8220; header_font_size_phone=&#8220;20px&#8220; header_font_size_last_edited=&#8220;on|phone&#8220; global_colors_info=&#8220;{}&#8220;]<\/p>\n<h1 style=\"text-align: center;\"><strong>UNTERNEHMENSVERBUND<\/strong><\/h1>\n<p>[\/et_pb_text][\/et_pb_column][\/et_pb_row][et_pb_row _builder_version=&#8220;4.17.4&#8243; _module_preset=&#8220;default&#8220; custom_padding=&#8220;22px|||||&#8220; global_colors_info=&#8220;{}&#8220;][et_pb_column type=&#8220;4_4&#8243; _builder_version=&#8220;4.17.4&#8243; _module_preset=&#8220;default&#8220; global_colors_info=&#8220;{}&#8220;][et_pb_text _builder_version=&#8220;4.17.4&#8243; _module_preset=&#8220;default&#8220; custom_margin=&#8220;||-21px|||&#8220; global_colors_info=&#8220;{}&#8220;]<\/p>\n<p style=\"text-align: center;\">Die SER- Sanierung im Erd,- und R\u00fcckbau GmbH ist Teil unseres Unternehmensverbunds. Haben Sie uns, haben Sie alle!<br \/>Profitieren Sie aus der engen und l\u00f6sungsorientierten Zusammenarbeit unserer Unternehmensgruppe.<br \/><strong>SCHNELL, FLEXIBEL UND ABGESTIMMT!<\/strong><\/p>\n<p>&nbsp;<\/p>\n<p>[\/et_pb_text][\/et_pb_column][\/et_pb_row][et_pb_row column_structure=&#8220;1_2,1_2&#8243; _builder_version=&#8220;4.17.4&#8243; _module_preset=&#8220;default&#8220; custom_margin=&#8220;-40px|auto||auto||&#8220; global_colors_info=&#8220;{}&#8220;][et_pb_column type=&#8220;1_2&#8243; _builder_version=&#8220;4.17.4&#8243; _module_preset=&#8220;default&#8220; global_colors_info=&#8220;{}&#8220;][et_pb_image src=&#8220;https:\/\/www.ser-gmbh.net\/wp-content\/uploads\/2024\/03\/RUZ_LOGO_weiss.jpg&#8220; title_text=&#8220;RUZ_LOGO_weiss&#8220; _builder_version=&#8220;4.21.0&#8243; _module_preset=&#8220;default&#8220; custom_margin=&#8220;||5px|||&#8220; border_width_all=&#8220;1px&#8220; border_color_all=&#8220;#9b9b9b&#8220; border_width_right=&#8220;1px&#8220; global_colors_info=&#8220;{}&#8220;][\/et_pb_image][et_pb_text _builder_version=&#8220;4.17.4&#8243; _module_preset=&#8220;default&#8220; global_colors_info=&#8220;{}&#8220;]<\/p>\n<p><strong>RUZ<small>\u00a0\u2013<span>\u00a0<\/span><\/small><\/strong><span style=\"color: #ff0000;\"><a href=\"https:\/\/ruz-mineralik.net\/\" style=\"color: #ff0000;\">www.ruz-mineralik.net<\/a><\/span><br \/><span>Wir sind ein erfahrenes Unternehmen f\u00fcr Dienstleistungen im Bereich der Entsorgung und Verwertung von mineralischen Abf\u00e4llen.<\/span><\/p>\n<p>[\/et_pb_text][\/et_pb_column][et_pb_column type=&#8220;1_2&#8243; _builder_version=&#8220;4.17.4&#8243; _module_preset=&#8220;default&#8220; global_colors_info=&#8220;{}&#8220;][et_pb_image src=&#8220;https:\/\/www.ser-gmbh.net\/wp-content\/uploads\/2024\/03\/Garbe-Gruppe-Logo-rot.png&#8220; title_text=&#8220;Garbe-Gruppe-Logo-rot&#8220; _builder_version=&#8220;4.21.0&#8243; _module_preset=&#8220;default&#8220; custom_margin=&#8220;||5px|||&#8220; border_width_all=&#8220;1px&#8220; border_color_all=&#8220;#9b9b9b&#8220; border_width_right=&#8220;1px&#8220; global_colors_info=&#8220;{}&#8220;][\/et_pb_image][et_pb_text _builder_version=&#8220;4.21.0&#8243; _module_preset=&#8220;default&#8220; global_colors_info=&#8220;{}&#8220;]<\/p>\n<p><strong><small><span style=\"font-size: 16px;\">Garbe Gruppe <\/span>\u2013<span>\u00a0<\/span><\/small><\/strong><a href=\"https:\/\/garbe-gruppe.de\/\" target=\"_blank\" rel=\"noopener\"><span style=\"color: #ff0000;\">www.garbe-gruppe.de<\/span><\/a><\/p>\n<p class=\"p1\">Mit Schwerpunkt auf Abbruch, Baugruben, Recycling, Garten- und Landschaftsbau sowie Schadstoffsanierung ist die Garbe-Gruppe ein f\u00fchrender Dienstleister in Berlin und steht f\u00fcr eine zukunftsorientierte Kreislaufwirtschaft.<\/p>\n<p>[\/et_pb_text][\/et_pb_column][\/et_pb_row][et_pb_row _builder_version=&#8220;4.18.0&#8243; _module_preset=&#8220;default&#8220; custom_padding=&#8220;7px|||||&#8220; global_colors_info=&#8220;{}&#8220;][et_pb_column type=&#8220;4_4&#8243; _builder_version=&#8220;4.18.0&#8243; _module_preset=&#8220;default&#8220; global_colors_info=&#8220;{}&#8220;][et_pb_divider _builder_version=&#8220;4.18.0&#8243; _module_preset=&#8220;default&#8220; global_colors_info=&#8220;{}&#8220;][\/et_pb_divider][\/et_pb_column][\/et_pb_row][et_pb_row _builder_version=&#8220;4.18.0&#8243; _module_preset=&#8220;default&#8220; global_colors_info=&#8220;{}&#8220;][et_pb_column type=&#8220;4_4&#8243; _builder_version=&#8220;4.18.0&#8243; _module_preset=&#8220;default&#8220; global_colors_info=&#8220;{}&#8220;][et_pb_text content_tablet=&#8220;<\/p>\n<h1 style=%22text-align: center;%22><strong>SER<span> <br \/><\/span><\/strong>UNTERNEHMENSGESCHICHTE<\/h1>\n<p style=%22text-align: center;%22>Wenn wir uns heute zu den professionellen Unternehmen in den Bereichen Sanierung, Erdbau<br \/>und R\u00fcckbau z\u00e4hlen, liegt das an der permanenten Bereitschaft zur Weiterentwicklung und unserer<br \/>Aufgeschlossenheit gegen\u00fcber neuen Technologien, welche unsere Unternehmensgeschichte<br \/>ma\u00dfgeblich mit gepr\u00e4gt haben.<\/p>\n<p>&#8220; content_phone=&#8220;<\/p>\n<h1 style=%22text-align: center;%22><strong>SER<span> <br \/><\/span><\/strong>UNTERNEHMENSGESCHICHTE<\/h1>\n<p style=%22text-align: center;%22>Wenn wir uns heute zu den professionellen Unternehmen in den Bereichen Sanierung, Erdbau<br \/>und R\u00fcckbau z\u00e4hlen, liegt das an der permanenten Bereitschaft zur Weiterentwicklung und unserer<br \/>Aufgeschlossenheit gegen\u00fcber neuen Technologien, welche unsere Unternehmensgeschichte<br \/>ma\u00dfgeblich mit gepr\u00e4gt haben.<\/p>\n<p>&#8220; content_last_edited=&#8220;on|phone&#8220; _builder_version=&#8220;4.18.0&#8243; _module_preset=&#8220;default&#8220; header_font_size_tablet=&#8220;&#8220; header_font_size_phone=&#8220;20px&#8220; header_font_size_last_edited=&#8220;on|phone&#8220; global_colors_info=&#8220;{}&#8220;]<\/p>\n<h1 style=\"text-align: center;\"><strong>SER<span>\u00a0<br \/><\/span><\/strong>UNTERNEHMENSGESCHICHTE<\/h1>\n<p style=\"text-align: center;\">Wenn wir uns heute zu den professionellen Unternehmen in den Bereichen Sanierung, Erdbau<br \/>und R\u00fcckbau z\u00e4hlen, liegt das an der permanenten Bereitschaft zur Weiterentwicklung und unserer<br \/>Aufgeschlossenheit gegen\u00fcber neuen Technologien, welche unsere Unternehmensgeschichte<br \/>ma\u00dfgeblich mit gepr\u00e4gt haben.<\/p>\n<p>[\/et_pb_text][\/et_pb_column][\/et_pb_row][et_pb_row _builder_version=&#8220;4.18.0&#8243; _module_preset=&#8220;default&#8220; custom_padding=&#8220;16px|||||&#8220; global_colors_info=&#8220;{}&#8220;][et_pb_column type=&#8220;4_4&#8243; _builder_version=&#8220;4.18.0&#8243; _module_preset=&#8220;default&#8220; global_colors_info=&#8220;{}&#8220;][et_pb_code _builder_version=&#8220;4.18.0&#8243; _module_preset=&#8220;default&#8220; global_colors_info=&#8220;{}&#8220;]<div class='black' style='background:#fafafa; border:solid 3px #f0f0f0; border-radius:5px; padding:8px 8px 8px 8px;'>\n<div id='sample_slider' class='owl-carousel sa_owl_theme autohide-arrows' data-slider-id='sample_slider' style='visibility:hidden;'>\n<div id='sample_slider_slide26' class='sa_hover_container' style='padding:5% 5%; margin:0px 0%; '><div style=\"text-align: center\"><img loading=\"lazy\" decoding=\"async\" class=\"aligncenter wp-image-11073 size-full\" src=\"https:\/\/www.ser-gmbh.net\/wp-content\/uploads\/2023\/09\/HBM.jpg\" alt=\"\" width=\"225\" height=\"211\" \/><\/div>\r\n<div style=\"text-align: center;padding-bottom: 10px\">\r\n<h2 class=\"av_iconlist_title iconlist_title  \"><span style=\"color: #ec714f\">2023<\/span><\/h2>\r\n<h4 style=\"text-align: center\"><strong>HEIDELBERG MATERIALS \u00dcBERNIMMT DIE SER- GRUPPE<\/strong><\/h4>\r\n<article class=\"article-icon-entry \">\r\n<div class=\"iconlist_content_wrap\">\r\n<div class=\"iconlist_content  \">\r\n<p class=\"p1\">Heidelberg Materials hat Anfang Februar 2023 die SER-Gruppe in Heilbronn u\u0308bernommen<\/p>\r\n<\/div>\r\n<\/div>\r\n<\/article>\r\n<\/div><\/div>\n<div id='sample_slider_slide25' class='sa_hover_container' style='padding:5% 5%; margin:0px 0%; background-color:rgb(238, 238, 238); '><div style=\"text-align: center\"><img loading=\"lazy\" decoding=\"async\" class=\"aligncenter wp-image-10466 size-full\" src=\"https:\/\/www.ser-gmbh.net\/wp-content\/uploads\/2022\/10\/225_211_Lichtenb.jpeg\" alt=\"\" width=\"225\" height=\"211\" \/><\/div>\r\n<div style=\"text-align: center;padding-bottom: 10px\">\r\n<h2 class=\"av_iconlist_title iconlist_title  \"><span style=\"color: #ec714f\">2021<\/span><\/h2>\r\n<h4 style=\"text-align: center\"><strong>NEUES HEADQUARTER DER GRUPPE<\/strong><\/h4>\r\n<article class=\"article-icon-entry \">\r\n<div class=\"iconlist_content_wrap\">\r\n<div class=\"iconlist_content  \">\r\n<p>Mit dem Erwerb des neuen Standortes freuen wir uns, unsere Verwaltung zu zentralisieren und den Ausbau von Vertrieb und Produktion weiter voranzubringen.<\/p>\r\n<article class=\"article-icon-entry \"><footer class=\"entry-footer\"><\/footer><\/article>\r\n<\/div>\r\n<\/div>\r\n<footer class=\"entry-footer\"><\/footer><\/article>\r\n<\/div><\/div>\n<div id='sample_slider_slide24' class='sa_hover_container' style='padding:5% 5%; margin:0px 0%; background-color:rgb(243, 243, 243); '><div style=\"text-align: center\"><img loading=\"lazy\" decoding=\"async\" class=\"aligncenter wp-image-10465 size-full\" src=\"https:\/\/www.ser-gmbh.net\/wp-content\/uploads\/2022\/10\/2020_Bild_2.jpeg\" alt=\"\" width=\"225\" height=\"211\" \/><\/div>\r\n<div style=\"text-align: center;padding-bottom: 10px\">\r\n<h2 class=\"av_iconlist_title iconlist_title  \"><span style=\"color: #ec714f\">2020<\/span><\/h2>\r\n<h4 style=\"text-align: center\"><strong>LONGFRONT \u2013 EIN KRAFTPAKET!<\/strong><\/h4>\r\n<article class=\"article-icon-entry \">\r\n<div class=\"iconlist_content_wrap\">\r\n<div class=\"iconlist_content  \">\r\n<p>Unser gr\u00f6\u00dfter Neuzuwachs ist der Liebherr R 960 Abbruchbagger mit einem Einsatzgewicht von ca. 100 Tonnen und einer Arbeitsh\u00f6he bis 33 Meter.\u00a0<\/p>\r\n<article class=\"article-icon-entry \"><footer class=\"entry-footer\"><\/footer><\/article>\r\n<\/div>\r\n<\/div>\r\n<footer class=\"entry-footer\"><\/footer><\/article>\r\n<\/div><\/div>\n<div id='sample_slider_slide23' class='sa_hover_container' style='padding:5% 5%; margin:0px 0%; background-color:rgb(238, 238, 238); '><div style=\"text-align: center\"><img loading=\"lazy\" decoding=\"async\" class=\"aligncenter wp-image-10464 size-full\" src=\"https:\/\/www.ser-gmbh.net\/wp-content\/uploads\/2022\/10\/Smart-Flotte-wild-stehend.png\" alt=\"\" width=\"225\" height=\"211\" \/><\/div>\r\n<div style=\"text-align: center;padding-bottom: 10px\">\r\n<h2 class=\"av_iconlist_title iconlist_title  \"><span style=\"color: #ec714f\">2020<\/span><\/h2>\r\n<h4 style=\"text-align: center\"><strong>E-MOBILIT\u00c4T MIT ELEKTRO SMARTS<\/strong><\/h4>\r\n<article class=\"article-icon-entry \">\r\n<div class=\"iconlist_content_wrap\">\r\n<div class=\"iconlist_content  \">\r\n<p>Seit August fahren sechs weitere Mitarbeiter unserer Unternehmensgruppe einen<br \/>Job-Elektro SMART, den \u201eSmart EQ for two\u201c<\/p>\r\n<article class=\"article-icon-entry \"><footer class=\"entry-footer\"><\/footer><\/article>\r\n<\/div>\r\n<\/div>\r\n<footer class=\"entry-footer\"><\/footer><\/article>\r\n<\/div><\/div>\n<div id='sample_slider_slide22' class='sa_hover_container' style='padding:5% 5%; margin:0px 0%; background-color:rgb(243, 243, 243); '><div style=\"text-align: center\"><img loading=\"lazy\" decoding=\"async\" class=\"aligncenter wp-image-10463 size-full\" src=\"https:\/\/www.ser-gmbh.net\/wp-content\/uploads\/2022\/10\/2020_Bild.jpeg\" alt=\"\" width=\"225\" height=\"211\" \/><\/div>\r\n<div style=\"text-align: center;padding-bottom: 10px\">\r\n<h2 class=\"av_iconlist_title iconlist_title  \"><span style=\"color: #ec714f\">2020<\/span><\/h2>\r\n<h4 style=\"text-align: center\"><strong>INBETRIEBNAHME BENZSTRA\u00dfE 8<\/strong><\/h4>\r\n<article class=\"article-icon-entry \">\r\n<div class=\"iconlist_content_wrap\">\r\n<div class=\"iconlist_content  \">\r\n<p>Auf dem Gel\u00e4nde entsteht ein neuer Betriebshof f\u00fcr Bauschuttrecycling sowie Herstellung von RC-Produkten und Zuschlagstoffen f\u00fcr R-Beton.\u00a0<\/p>\r\n<article class=\"article-icon-entry \"><footer class=\"entry-footer\"><\/footer><\/article>\r\n<\/div>\r\n<\/div>\r\n<footer class=\"entry-footer\"><\/footer><\/article>\r\n<\/div><\/div>\n<div id='sample_slider_slide21' class='sa_hover_container' style='padding:5% 5%; margin:0px 0%; background-color:rgb(238, 238, 238); '><div style=\"text-align: center\"><img loading=\"lazy\" decoding=\"async\" class=\"aligncenter wp-image-10462 size-full\" src=\"https:\/\/www.ser-gmbh.net\/wp-content\/uploads\/2022\/10\/2019_Bild_1.jpeg\" alt=\"\" width=\"225\" height=\"211\" \/><\/div>\r\n<div style=\"text-align: center;padding-bottom: 10px\">\r\n<h2 class=\"av_iconlist_title iconlist_title  \"><span style=\"color: #ec714f\">2019<\/span><\/h2>\r\n<h4 style=\"text-align: center\"><strong>DIGITALE TRANSFORMATION<\/strong><\/h4>\r\n<article class=\"article-icon-entry \">\r\n<div class=\"iconlist_content_wrap\">\r\n<div class=\"iconlist_content  \">\r\n<p>Zun\u00e4chst mit dem digitalen Datenmanagementsystem, der digitalen Bauakte sowie unserer digitalen Wiegescheine.<\/p>\r\n<article class=\"article-icon-entry \"><footer class=\"entry-footer\"><\/footer><\/article>\r\n<\/div>\r\n<\/div>\r\n<footer class=\"entry-footer\"><\/footer><\/article>\r\n<\/div><\/div>\n<div id='sample_slider_slide20' class='sa_hover_container' style='padding:5% 5%; margin:0px 0%; background-color:rgb(243, 243, 243); '><div style=\"text-align: center\"><img loading=\"lazy\" decoding=\"async\" class=\"aligncenter wp-image-10461 size-full\" src=\"https:\/\/www.ser-gmbh.net\/wp-content\/uploads\/2022\/10\/2019_Bild.jpeg\" alt=\"\" width=\"225\" height=\"211\" \/><\/div>\r\n<div style=\"text-align: center;padding-bottom: 10px\">\r\n<h2 class=\"av_iconlist_title iconlist_title  \"><span style=\"color: #ec714f\">2019<\/span><\/h2>\r\n<h4 style=\"text-align: center\"><strong>WERKSTATT IN DER DIESELSTRA\u00dfE<\/strong><\/h4>\r\n<article class=\"article-icon-entry \">\r\n<div class=\"iconlist_content_wrap\">\r\n<div class=\"iconlist_content  \">\r\n<p>Durch Ausr\u00fcstung und modernen B\u00fcros sowie der IT-Infrastruktur haben wir die Voraussetzungen f\u00fcr einen optimalen Service geschaffen.<\/p>\r\n<article class=\"article-icon-entry \"><footer class=\"entry-footer\"><\/footer><\/article>\r\n<\/div>\r\n<\/div>\r\n<footer class=\"entry-footer\"><\/footer><\/article>\r\n<\/div><\/div>\n<div id='sample_slider_slide19' class='sa_hover_container' style='padding:5% 5%; margin:0px 0%; background-color:rgb(238, 238, 238); '><div style=\"text-align: center\"><img loading=\"lazy\" decoding=\"async\" class=\"aligncenter wp-image-10460 size-full\" src=\"https:\/\/www.ser-gmbh.net\/wp-content\/uploads\/2022\/10\/2018_Bild_2.jpeg\" alt=\"\" width=\"225\" height=\"211\" \/><\/div>\r\n<div style=\"text-align: center;padding-bottom: 10px\">\r\n<h2 class=\"av_iconlist_title iconlist_title  \"><span style=\"color: #ec714f\">2018<\/span><\/h2>\r\n<h4 style=\"text-align: center\"><strong>E-MOBILIT\u00c4T \/ AZUBI-FLITZER<\/strong><\/h4>\r\n<article class=\"article-icon-entry \">\r\n<div class=\"iconlist_content_wrap\">\r\n<div class=\"iconlist_content  \">\r\n<p>Um die Mobilit\u00e4t unserer Auszubildenden umweltfreundlich zu gew\u00e4hrleisten, wird der AZUBI-FLITZER angeschafft.<\/p>\r\n<article class=\"article-icon-entry \"><footer class=\"entry-footer\"><\/footer><\/article>\r\n<\/div>\r\n<\/div>\r\n<footer class=\"entry-footer\"><\/footer><\/article>\r\n<\/div><\/div>\n<div id='sample_slider_slide18' class='sa_hover_container' style='padding:5% 5%; margin:0px 0%; background-color:rgb(243, 243, 243); '><div style=\"text-align: center\"><img loading=\"lazy\" decoding=\"async\" class=\"aligncenter wp-image-10459 size-full\" src=\"https:\/\/www.ser-gmbh.net\/wp-content\/uploads\/2022\/10\/2018_Bild.jpeg\" alt=\"\" width=\"225\" height=\"211\" \/><\/div>\r\n<div style=\"text-align: center;padding-bottom: 10px\">\r\n<h2 class=\"av_iconlist_title iconlist_title  \"><span style=\"color: #ec714f\">2018<\/span><\/h2>\r\n<h4 style=\"text-align: center\"><strong>ABBRUCHKALKULATOR<\/strong><\/h4>\r\n<article class=\"article-icon-entry \">\r\n<div class=\"iconlist_content_wrap\">\r\n<div class=\"iconlist_content  \">\r\n<p>Interessenten und Kunden k\u00f6nnen sich im Vorfeld einen \u00dcberblick ihres geplanten Abbruchs verschaffen und kalkulieren selbst \u2013 direkt auf unserer Webseite.<\/p>\r\n<article class=\"article-icon-entry \"><footer class=\"entry-footer\"><\/footer><\/article>\r\n<\/div>\r\n<\/div>\r\n<footer class=\"entry-footer\"><\/footer><\/article>\r\n<\/div><\/div>\n<div id='sample_slider_slide17' class='sa_hover_container' style='padding:5% 5%; margin:0px 0%; background-color:rgb(238, 238, 238); '><div style=\"text-align: center\"><img loading=\"lazy\" decoding=\"async\" class=\"aligncenter wp-image-10458 size-full\" src=\"https:\/\/www.ser-gmbh.net\/wp-content\/uploads\/2022\/10\/2017_Bild_3.jpeg\" alt=\"\" width=\"225\" height=\"211\" \/><\/div>\r\n<div style=\"text-align: center;padding-bottom: 10px\">\r\n<h2 class=\"av_iconlist_title iconlist_title  \"><span style=\"color: #ec714f\">2017<\/span><\/h2>\r\n<h4 style=\"text-align: center\"><strong>AUSBAU MARKETING<\/strong><\/h4>\r\n<article class=\"article-icon-entry \">\r\n<div class=\"iconlist_content_wrap\">\r\n<div class=\"iconlist_content  \">\r\n<p>Um die Pr\u00e4senz zu erh\u00f6hen wird die Unternehmens-<br \/>darstellung grundlegend optimiert. Wir geben Gas.. jetzt auch durch Webshop, Fotografie, Social media, etc.<\/p>\r\n<article class=\"article-icon-entry \"><footer class=\"entry-footer\"><\/footer><\/article>\r\n<\/div>\r\n<\/div>\r\n<footer class=\"entry-footer\"><\/footer><\/article>\r\n<\/div><\/div>\n<div id='sample_slider_slide16' class='sa_hover_container' style='padding:5% 5%; margin:0px 0%; background-color:rgb(238, 238, 238); '><div style=\"text-align: center\"><img loading=\"lazy\" decoding=\"async\" class=\"aligncenter wp-image-10457 size-full\" src=\"https:\/\/www.ser-gmbh.net\/wp-content\/uploads\/2022\/10\/2017_Bild_2.jpeg\" alt=\"\" width=\"225\" height=\"211\" \/><\/div>\r\n<div style=\"text-align: center;padding-bottom: 10px\">\r\n<h2 class=\"av_iconlist_title iconlist_title  \"><span style=\"color: #ec714f\">2017<\/span><\/h2>\r\n<h4 style=\"text-align: center\"><strong>ENTWICKLUNG\/ HERSTELLUNG BIOSPH\u00c4RENSTEIN<\/strong><\/h4>\r\n<article class=\"article-icon-entry \">\r\n<div class=\"iconlist_content_wrap\">\r\n<div class=\"iconlist_content  \">\r\n<p>Neure Produktion in der Lichtenbergerstra\u00dfe. <br \/>Wir schaffen Lebensr\u00e4ume, f\u00fcr verschiedenste Kleinlebewesen.<\/p>\r\n<article class=\"article-icon-entry \"><footer class=\"entry-footer\"><\/footer><\/article>\r\n<\/div>\r\n<\/div>\r\n<footer class=\"entry-footer\"><\/footer><\/article>\r\n<\/div><\/div>\n<div id='sample_slider_slide15' class='sa_hover_container' style='padding:5% 5%; margin:0px 0%; background-color:rgb(243, 243, 243); '><div style=\"text-align: center\"><img loading=\"lazy\" decoding=\"async\" class=\"aligncenter wp-image-10456 size-full\" src=\"https:\/\/www.ser-gmbh.net\/wp-content\/uploads\/2022\/10\/2017_Bild.jpeg\" alt=\"\" width=\"225\" height=\"211\" \/><\/div>\r\n<div style=\"text-align: center;padding-bottom: 10px\">\r\n<h2 class=\"av_iconlist_title iconlist_title  \"><span style=\"color: #ec714f\">2017<\/span><\/h2>\r\n<h4 style=\"text-align: center\"><strong>WEITERENTWICKLUNG VARIOSYSTEM<\/strong><\/h4>\r\n<article class=\"article-icon-entry \">\r\n<div class=\"iconlist_content_wrap\">\r\n<div class=\"iconlist_content  \">\r\n<p>Unser VarioSystem ist ein Gestaltungselement moderner Architektursprache, insbesondere als Schall-\/Sichtschutz oder als Schutzstein.<\/p>\r\n<article class=\"article-icon-entry \"><footer class=\"entry-footer\"><\/footer><\/article>\r\n<\/div>\r\n<\/div>\r\n<footer class=\"entry-footer\"><\/footer><\/article>\r\n<\/div><\/div>\n<div id='sample_slider_slide14' class='sa_hover_container' style='padding:5% 5%; margin:0px 0%; background-color:rgb(238, 238, 238); '><div style=\"text-align: center\"><img loading=\"lazy\" decoding=\"async\" class=\"aligncenter wp-image-10455 size-full\" src=\"https:\/\/www.ser-gmbh.net\/wp-content\/uploads\/2022\/10\/LIST_AUtoball.jpeg\" alt=\"\" width=\"225\" height=\"211\" \/><\/div>\r\n<div style=\"text-align: center;padding-bottom: 10px\">\r\n<h2 class=\"av_iconlist_title iconlist_title  \"><span style=\"color: #ec714f\">2016<\/span><\/h2>\r\n<h4 style=\"text-align: center\"><strong>AUTOBALL-TURNIER<\/strong><\/h4>\r\n<article class=\"article-icon-entry \">\r\n<div class=\"iconlist_content_wrap\">\r\n<div class=\"iconlist_content  \">\r\n<p>Das AutoBall-Turnier wird erstmals von SER ins Leben gerufen und geh\u00f6rt fortan zum<br \/>Heilbronner Veranstaltungskalender.<\/p>\r\n<article class=\"article-icon-entry \"><footer class=\"entry-footer\"><\/footer><\/article>\r\n<\/div>\r\n<\/div>\r\n<footer class=\"entry-footer\"><\/footer><\/article>\r\n<\/div><\/div>\n<div id='sample_slider_slide13' class='sa_hover_container' style='padding:5% 5%; margin:0px 0%; background-color:rgb(243, 243, 243); '><div style=\"text-align: center\"><img loading=\"lazy\" decoding=\"async\" class=\"aligncenter wp-image-10454 size-full\" src=\"https:\/\/www.ser-gmbh.net\/wp-content\/uploads\/2022\/10\/voss-areal.jpeg\" alt=\"\" width=\"225\" height=\"211\" \/><\/div>\r\n<div style=\"text-align: center;padding-bottom: 10px\">\r\n<h2 class=\"av_iconlist_title iconlist_title  \"><span style=\"color: #ec714f\">2015<\/span><\/h2>\r\n<h4 style=\"text-align: center\"><strong>ERWEITERUNG DES BETRIEBS-<br \/>GEL\u00c4NDES IN DER DIESELSTRA\u00dfE (HN)<\/strong><\/h4>\r\n<article class=\"article-icon-entry \">\r\n<div class=\"iconlist_content_wrap\">\r\n<div class=\"iconlist_content  \">\r\n<p>Durch den Erwerb einer angrenzen- den Liegenschaft im Heilbronner Osthafen kann das Firmengel\u00e4nde erneut erweitert werden.<\/p>\r\n<article class=\"article-icon-entry \"><footer class=\"entry-footer\"><\/footer><\/article>\r\n<\/div>\r\n<\/div>\r\n<footer class=\"entry-footer\"><\/footer><\/article>\r\n<\/div><\/div>\n<div id='sample_slider_slide12' class='sa_hover_container' style='padding:5% 5%; margin:0px 0%; background-color:rgb(238, 238, 238); '><div style=\"text-align: center\"><img loading=\"lazy\" decoding=\"async\" class=\"aligncenter wp-image-10453 size-full\" src=\"https:\/\/www.ser-gmbh.net\/wp-content\/uploads\/2022\/10\/variowand.jpeg\" alt=\"\" width=\"225\" height=\"211\" \/><\/div>\r\n<div style=\"text-align: center;padding-bottom: 10px\">\r\n<h2 class=\"av_iconlist_title iconlist_title  \"><span style=\"color: #ec714f\">2014<\/span><\/h2>\r\n<h4 style=\"text-align: center\"><strong>HERSTELLUNG DER varioWand<\/strong><\/h4>\r\n<article class=\"article-icon-entry \">\r\n<div class=\"iconlist_content_wrap\">\r\n<div class=\"iconlist_content  \">\r\n<p>In der Lichtenbergerstra\u00dfe startet die Produktion der \u201eVarioWand\u201c. (f\u00fcr den Bau variabler W\u00e4nde beziehungsweise Trennw\u00e4nde.)<\/p>\r\n<article class=\"article-icon-entry \"><footer class=\"entry-footer\"><\/footer><\/article>\r\n<\/div>\r\n<\/div>\r\n<footer class=\"entry-footer\"><\/footer><\/article>\r\n<\/div><\/div>\n<div id='sample_slider_slide11' class='sa_hover_container' style='padding:5% 5%; margin:0px 0%; background-color:rgb(243, 243, 243); '><div style=\"text-align: center\"><img loading=\"lazy\" decoding=\"async\" class=\"aligncenter wp-image-10452 size-full\" src=\"https:\/\/www.ser-gmbh.net\/wp-content\/uploads\/2022\/10\/gruendung-gfm.jpeg\" alt=\"\" width=\"225\" height=\"211\" \/><\/div>\r\n<div style=\"text-align: center;padding-bottom: 10px\">\r\n<h2 class=\"av_iconlist_title iconlist_title  \"><span style=\"color: #ec714f\">2014<\/span><\/h2>\r\n<h4 style=\"text-align: center\"><strong>GR\u00dcNDUNG DER GfM GESELLSCHAFT F\u00dcR MINERALIK GMBH<\/strong><\/h4>\r\n<p>In der Lichtenbergerstra\u00dfe wird in Kooperation eine Gesellschaft zur Annahme und Verwertung von mineralischen Abf\u00e4llen gegr\u00fcndet.<\/p>\r\n<article class=\"article-icon-entry \"><footer class=\"entry-footer\"><\/footer><\/article>\r\n<\/div><\/div>\n<div id='sample_slider_slide10' class='sa_hover_container' style='padding:5% 5%; margin:0px 0%; background-color:rgb(238, 238, 238); '><div style=\"text-align: center\"><img loading=\"lazy\" decoding=\"async\" class=\"aligncenter wp-image-10451 size-full\" src=\"https:\/\/www.ser-gmbh.net\/wp-content\/uploads\/2022\/10\/betontanstkelleSS.jpeg\" alt=\"\" width=\"225\" height=\"211\" \/><\/div>\r\n<div style=\"text-align: center;padding-bottom: 10px\">\r\n<h2 class=\"av_iconlist_title iconlist_title  \"><span style=\"color: #ec714f\">2014<\/span><\/h2>\r\n<h4 style=\"text-align: center\"><strong>ERRICHTUNG DER BETONTANKSTELLE<\/strong><\/h4>\r\n<article class=\"article-icon-entry \">\r\n<div class=\"iconlist_content_wrap\">\r\n<div class=\"iconlist_content  \">\r\n<p>Auf dem Firmengel\u00e4nde in der Lichtenbergerstra\u00dfe k\u00f6nnen Kunden in verschiedenen Mengen die passende Betonsorte beziehen. Dieses Modell ist in Heilbronn und der n\u00e4heren Umgebung einzigartig.<\/p>\r\n<article class=\"article-icon-entry \"><footer class=\"entry-footer\"><\/footer><\/article>\r\n<\/div>\r\n<\/div>\r\n<footer class=\"entry-footer\"><\/footer><\/article>\r\n<\/div><\/div>\n<div id='sample_slider_slide09' class='sa_hover_container' style='padding:5% 5%; margin:0px 0%; background-color:rgb(243, 243, 243); '><div style=\"text-align: center\"><img loading=\"lazy\" decoding=\"async\" class=\"aligncenter wp-image-10450 size-full\" src=\"https:\/\/www.ser-gmbh.net\/wp-content\/uploads\/2022\/10\/erweiterung.jpeg\" alt=\"\" width=\"225\" height=\"211\" \/><\/div>\r\n<div style=\"text-align: center;padding-bottom: 10px\">\r\n<h2 class=\"av_iconlist_title iconlist_title  \"><span style=\"color: #ec714f\">2013<\/span><\/h2>\r\n<h4 style=\"text-align: center\"><strong>PERMANENTE ERWEITERUNG<\/strong><\/h4>\r\n<article class=\"article-icon-entry \">\r\n<div class=\"iconlist_content_wrap\">\r\n<div class=\"iconlist_content  \">\r\n<p>Erweiterung um einen Lagerplatz von 28.000 m\u00b2 in der Lichtenbergerstra\u00dfe Heilbronn sowie die Vergr\u00f6\u00dferung der<br \/>B\u00fcro- und Sozialr\u00e4ume in der Benzstra\u00dfe.<\/p>\r\n<article class=\"article-icon-entry \"><footer class=\"entry-footer\"><\/footer><\/article>\r\n<\/div>\r\n<\/div>\r\n<footer class=\"entry-footer\"><\/footer><\/article>\r\n<\/div><\/div>\n<div id='sample_slider_slide08' class='sa_hover_container' style='padding:5% 5%; margin:0px 0%; background-color:rgb(238, 238, 238); '><div style=\"text-align: center\"><img loading=\"lazy\" decoding=\"async\" class=\"aligncenter wp-image-10449 size-full\" src=\"https:\/\/www.ser-gmbh.net\/wp-content\/uploads\/2022\/10\/mineralikgmbh.jpeg\" alt=\"\" width=\"225\" height=\"211\" \/><\/div>\r\n<div style=\"text-align: center;padding-bottom: 10px\">\r\n<h2 class=\"av_iconlist_title iconlist_title  \"><span style=\"color: #ec714f\">2012<\/span><\/h2>\r\n<h4 style=\"text-align: center\"><strong>GR\u00dcNDUNG RUZ MINERALIK GMBH<\/strong><\/h4>\r\n<article class=\"article-icon-entry \">\r\n<div class=\"iconlist_content_wrap\">\r\n<div class=\"iconlist_content  \">\r\n<p>Der Containerdienst f\u00fcr nicht-mineralische Fraktionen wird von der RUZ GmbH abgespalten und die RUZ Mineralik GmbH wird gegr\u00fcndet. Dadurch entsteht die Konzentration auf mineralische Fraktionen.<\/p>\r\n<article class=\"article-icon-entry \"><footer class=\"entry-footer\"><\/footer><\/article>\r\n<\/div>\r\n<\/div>\r\n<footer class=\"entry-footer\"><\/footer><\/article>\r\n<\/div><\/div>\n<div id='sample_slider_slide07' class='sa_hover_container' style='padding:5% 5%; margin:0px 0%; background-color:rgb(243, 243, 243); '><div style=\"text-align: center\"><img loading=\"lazy\" decoding=\"async\" class=\"aligncenter wp-image-10448 size-full\" src=\"https:\/\/www.ser-gmbh.net\/wp-content\/uploads\/2022\/10\/werkstatt.jpeg\" alt=\"\" width=\"225\" height=\"211\" \/><\/div>\r\n<div style=\"text-align: center;padding-bottom: 10px\">\r\n<h2 class=\"av_iconlist_title iconlist_title  \"><span style=\"color: #ec714f\">2008<\/span><\/h2>\r\n<h4 style=\"text-align: center\"><strong>WERKSTATT UMZUG NACH HEILBRONN<\/strong><\/h4>\r\n<article class=\"article-icon-entry \">\r\n<div class=\"iconlist_content_wrap\">\r\n<div class=\"iconlist_content  \">\r\n<p>Die Werkstatt zieht in die Heilbronner Benzstra\u00dfe, wodurch eine erheblich bessere Reaktionszeit bei Reparaturen der hauseigenen Ger\u00e4tschaften erm\u00f6glicht wird.\u00a0<\/p>\r\n<article class=\"article-icon-entry \"><footer class=\"entry-footer\"><\/footer><\/article>\r\n<\/div>\r\n<\/div>\r\n<footer class=\"entry-footer\"><\/footer><\/article>\r\n<\/div><\/div>\n<div id='sample_slider_slide06' class='sa_hover_container' style='padding:5% 5%; margin:0px 0%; background-color:rgb(238, 238, 238); '><div style=\"text-align: center\"><img loading=\"lazy\" decoding=\"async\" class=\"aligncenter wp-image-10447 size-full\" src=\"https:\/\/www.ser-gmbh.net\/wp-content\/uploads\/2022\/10\/umzug-heilbronn.jpeg\" alt=\"\" width=\"225\" height=\"211\" \/><\/div>\r\n<div style=\"text-align: center;padding-bottom: 10px\">\r\n<h2 class=\"av_iconlist_title iconlist_title  \"><span style=\"color: #ec714f\">2006<\/span><\/h2>\r\n<h4 style=\"text-align: center\"><strong>UMZUG NACH HEILBRONN<\/strong><\/h4>\r\n<article class=\"article-icon-entry \">\r\n<div class=\"iconlist_content_wrap\">\r\n<div class=\"iconlist_content  \">\r\n<p>Im September erfolgt der Umzug des gesamten Betriebes mit Ausnahme der Werkstatt auf das Gel\u00e4nde am Heilbronner Osthafen. Die SER nutzt hier sowohl Lagerfl\u00e4chen als auch B\u00fcror\u00e4ume.<\/p>\r\n<article class=\"article-icon-entry \"><footer class=\"entry-footer\"><\/footer><\/article>\r\n<\/div>\r\n<\/div>\r\n<footer class=\"entry-footer\"><\/footer><\/article>\r\n<\/div><\/div>\n<div id='sample_slider_slide05' class='sa_hover_container' style='padding:5% 5%; margin:0px 0%; background-color:rgb(243, 243, 243); '><div style=\"text-align: center\"><img loading=\"lazy\" decoding=\"async\" class=\"aligncenter wp-image-10446 size-full\" src=\"https:\/\/www.ser-gmbh.net\/wp-content\/uploads\/2022\/10\/gruendung-umschlag.jpeg\" alt=\"\" width=\"225\" height=\"211\" \/><\/div>\r\n<div style=\"text-align: center;padding-bottom: 10px\">\r\n<h2 class=\"av_iconlist_title iconlist_title  \"><span style=\"color: #ec714f\">2005<\/span><\/h2>\r\n<h4 style=\"text-align: center\"><strong>GR\u00dcNDUNG DER RUZ RECYCLING UND UMSCHLAG-ZENTRUM GMBH<\/strong><\/h4>\r\n<article class=\"article-icon-entry \">\r\n<div class=\"iconlist_content_wrap\">\r\n<div class=\"iconlist_content  \">\r\n<p>Die RUZ Recycling und Umschlagzentrum GmbH spaltet sich von der SER ab und errichtet ein etwa 45.000\u2006m\u00b2 gro\u00dfes Betriebsgel\u00e4nde.<\/p>\r\n<article class=\"article-icon-entry \"><footer class=\"entry-footer\"><\/footer><\/article>\r\n<\/div>\r\n<\/div>\r\n<footer class=\"entry-footer\"><\/footer><\/article>\r\n<\/div><\/div>\n<div id='sample_slider_slide04' class='sa_hover_container' style='padding:5% 5%; margin:0px 0%; background-color:rgb(238, 238, 238); '><div style=\"text-align: center\"><img loading=\"lazy\" decoding=\"async\" class=\"aligncenter wp-image-10444 size-full\" src=\"https:\/\/www.ser-gmbh.net\/wp-content\/uploads\/2022\/10\/umzug-bad-rappenau.jpeg\" alt=\"\" width=\"225\" height=\"211\" \/><\/div>\r\n<div style=\"text-align: center;padding-bottom: 10px\">\r\n<h2 class=\"av_iconlist_title iconlist_title  \"><span style=\"color: #ec714f\">1997<\/span><\/h2>\r\n<h4 style=\"text-align: center\"><strong>UMZUG NACH BAD RAPPENAU<\/strong><\/h4>\r\n<article class=\"article-icon-entry \">\r\n<div class=\"iconlist_content_wrap\">\r\n<div class=\"iconlist_content  \">\r\n<p><br \/>Im Zuge der Firmenvergr\u00f6\u00dferung wird ein Grundst\u00fcck in Bad Rappenau erworben und das gesamte Unternehmen dorthin verlagert.<\/p>\r\n<\/div>\r\n<\/div>\r\n<footer class=\"entry-footer\"><\/footer><\/article>\r\n<\/div><\/div>\n<div id='sample_slider_slide03' class='sa_hover_container' style='padding:5% 5%; margin:0px 0%; background-color:rgb(243, 243, 243); '><div style=\"text-align: center\"><img loading=\"lazy\" decoding=\"async\" class=\"aligncenter wp-image-10443 size-full\" src=\"https:\/\/www.ser-gmbh.net\/wp-content\/uploads\/2022\/10\/abbruchbaustelle-gross.jpeg\" alt=\"\" width=\"225\" height=\"211\" \/><\/div>\r\n<div style=\"text-align: center;padding-bottom: 10px\">\r\n<h2 class=\"av_iconlist_title iconlist_title  \"><span style=\"color: #ec714f\">1995<\/span><\/h2>\r\n<h4 style=\"text-align: center\"><strong>ERSTE GRO\u00dfE ABBRUCHBAUSTELLE IN BAD MERGENTHEIM<\/strong><\/h4>\r\n<article class=\"article-icon-entry \">\r\n<div class=\"iconlist_content_wrap\">\r\n<div class=\"iconlist_content  \">\r\n<p><br \/><br \/>Abbruch eines Radarturms der Bundeswehr.<\/p>\r\n<\/div>\r\n<\/div>\r\n<footer class=\"entry-footer\"><\/footer><\/article>\r\n<\/div><\/div>\n<div id='sample_slider_slide02' class='sa_hover_container' style='padding:5% 5%; margin:0px 0%; background-color:rgb(238, 238, 238); '><div style=\"text-align: center\"><img loading=\"lazy\" decoding=\"async\" class=\"aligncenter wp-image-10441 size-full\" style=\"color: #ec714f;font-size: 26px\" src=\"https:\/\/www.ser-gmbh.net\/wp-content\/uploads\/2022\/10\/sanierung-ser1.jpeg\" alt=\"\" width=\"225\" height=\"211\" \/><\/div>\r\n<div style=\"text-align: center;padding-bottom: 10px\">\r\n<h2 class=\"av_iconlist_title iconlist_title  \" style=\"text-align: center\"><span style=\"color: #ec714f\">1995<\/span><\/h2>\r\n<h4 style=\"text-align: center\"><strong>GR\u00dcNDUNG DER SER SANIERUNG IM ERD- UND R\u00dcCKBAU GMBH<\/strong><\/h4>\r\n<p style=\"text-align: center\">Die SER wird mit Sitz in Heilbronn gegr\u00fcndet. Ihre Leistungsbereiche umfassen Sanierungsarbeiten, Abbrucharbeiten und Erdarbeiten.<\/p>\r\n<\/div><\/div>\n<div id='sample_slider_slide01' class='sa_hover_container' style='padding:5% 5%; margin:0px 0%; background-color:rgb(243, 243, 243); '><div style=\"text-align: center\"><img loading=\"lazy\" decoding=\"async\" class=\"aligncenter wp-image-10440 size-full\" src=\"https:\/\/www.ser-gmbh.net\/wp-content\/uploads\/2022\/10\/gruendung-rundw1.jpeg\" alt=\"\" width=\"225\" height=\"211\" \/><\/div>\r\n<div style=\"text-align: center;padding-bottom: 10px\">\r\n<h2 class=\"av_iconlist_title iconlist_title  \" style=\"text-align: center\"><span style=\"color: #ec714f\">1992<\/span><\/h2>\r\n<h4 style=\"text-align: center\"><strong>GR\u00dcNDUNG R &amp; W<br \/><br \/><\/strong><\/h4>\r\n<p style=\"text-align: center\">Die R &amp; W GbR aus welcher sp\u00e4ter die SER Sanierung im Erd- und R\u00fcckbau GmbH hervorgeht wird<br \/>gegr\u00fcndet.<\/p>\r\n<\/div><\/div>\n<\/div>\n<\/div>\n<script type='text\/javascript'>\n\tjQuery(document).ready(function() {\n\t\tjQuery('#sample_slider').owlCarousel({\n\t\t\tresponsive:{\n\t\t\t\t0:{ items:1 },\n\t\t\t\t480:{ items:2 },\n\t\t\t\t768:{ items:3 },\n\t\t\t\t980:{ items:4 },\n\t\t\t\t1200:{ items:4 },\n\t\t\t\t1500:{ items:4 }\n\t\t\t},\n\t\t\tautoplay : false,\n\t\t\tautoplayHoverPause : false,\n\t\t\tsmartSpeed : 400,\n\t\t\tfluidSpeed : 400,\n\t\t\tautoplaySpeed : 400,\n\t\t\tnavSpeed : 400,\n\t\t\tdotsSpeed : 400,\n\t\t\tloop : false,\n\t\t\tnav : true,\n\t\t\tnavText : ['Previous','Next'],\n\t\t\tdots : false,\n\t\t\tresponsiveRefreshRate : 200,\n\t\t\tslideBy : 1,\n\t\t\tmergeFit : true,\n\t\t\tautoHeight : false,\n\t\t\tmouseDrag : false,\n\t\t\ttouchDrag : true\n\t\t});\n\t\tjQuery('#sample_slider').css('visibility', 'visible');\n\t\tsa_resize_sample_slider();\n\t\twindow.addEventListener('resize', sa_resize_sample_slider);\n\t\tfunction sa_resize_sample_slider() {\n\t\t\tvar min_height = '50';\n\t\t\tvar win_width = jQuery(window).width();\n\t\t\tvar slider_width = jQuery('#sample_slider').width();\n\t\t\tif (win_width < 480) {\n\t\t\t\tvar slide_width = slider_width \/ 1;\n\t\t\t} else if (win_width < 768) {\n\t\t\t\tvar slide_width = slider_width \/ 2;\n\t\t\t} else if (win_width < 980) {\n\t\t\t\tvar slide_width = slider_width \/ 3;\n\t\t\t} else if (win_width < 1200) {\n\t\t\t\tvar slide_width = slider_width \/ 4;\n\t\t\t} else if (win_width < 1500) {\n\t\t\t\tvar slide_width = slider_width \/ 4;\n\t\t\t} else {\n\t\t\t\tvar slide_width = slider_width \/ 4;\n\t\t\t}\n\t\t\tslide_width = Math.round(slide_width);\n\t\t\tvar slide_height = '0';\n\t\t\tif (min_height == 'aspect43') {\n\t\t\t\tslide_height = (slide_width \/ 4) * 3;\t\t\t\tslide_height = Math.round(slide_height);\n\t\t\t} else if (min_height == 'aspect169') {\n\t\t\t\tslide_height = (slide_width \/ 16) * 9;\t\t\t\tslide_height = Math.round(slide_height);\n\t\t\t} else {\n\t\t\t\tslide_height = (slide_width \/ 100) * min_height;\t\t\t\tslide_height = Math.round(slide_height);\n\t\t\t}\n\t\t\tjQuery('#sample_slider .owl-item .sa_hover_container').css('min-height', slide_height+'px');\n\t\t}\n\t\tvar owl_goto = jQuery('#sample_slider');\n\t\tjQuery('.sample_slider_goto1').click(function(event){\n\t\t\towl_goto.trigger('to.owl.carousel', 0);\n\t\t});\n\t\tjQuery('.sample_slider_goto2').click(function(event){\n\t\t\towl_goto.trigger('to.owl.carousel', 1);\n\t\t});\n\t\tjQuery('.sample_slider_goto3').click(function(event){\n\t\t\towl_goto.trigger('to.owl.carousel', 2);\n\t\t});\n\t\tjQuery('.sample_slider_goto4').click(function(event){\n\t\t\towl_goto.trigger('to.owl.carousel', 3);\n\t\t});\n\t\tjQuery('.sample_slider_goto5').click(function(event){\n\t\t\towl_goto.trigger('to.owl.carousel', 4);\n\t\t});\n\t\tjQuery('.sample_slider_goto6').click(function(event){\n\t\t\towl_goto.trigger('to.owl.carousel', 5);\n\t\t});\n\t\tjQuery('.sample_slider_goto7').click(function(event){\n\t\t\towl_goto.trigger('to.owl.carousel', 6);\n\t\t});\n\t\tjQuery('.sample_slider_goto8').click(function(event){\n\t\t\towl_goto.trigger('to.owl.carousel', 7);\n\t\t});\n\t\tjQuery('.sample_slider_goto9').click(function(event){\n\t\t\towl_goto.trigger('to.owl.carousel', 8);\n\t\t});\n\t\tjQuery('.sample_slider_goto10').click(function(event){\n\t\t\towl_goto.trigger('to.owl.carousel', 9);\n\t\t});\n\t\tjQuery('.sample_slider_goto11').click(function(event){\n\t\t\towl_goto.trigger('to.owl.carousel', 10);\n\t\t});\n\t\tjQuery('.sample_slider_goto12').click(function(event){\n\t\t\towl_goto.trigger('to.owl.carousel', 11);\n\t\t});\n\t\tjQuery('.sample_slider_goto13').click(function(event){\n\t\t\towl_goto.trigger('to.owl.carousel', 12);\n\t\t});\n\t\tjQuery('.sample_slider_goto14').click(function(event){\n\t\t\towl_goto.trigger('to.owl.carousel', 13);\n\t\t});\n\t\tjQuery('.sample_slider_goto15').click(function(event){\n\t\t\towl_goto.trigger('to.owl.carousel', 14);\n\t\t});\n\t\tjQuery('.sample_slider_goto16').click(function(event){\n\t\t\towl_goto.trigger('to.owl.carousel', 15);\n\t\t});\n\t\tjQuery('.sample_slider_goto17').click(function(event){\n\t\t\towl_goto.trigger('to.owl.carousel', 16);\n\t\t});\n\t\tjQuery('.sample_slider_goto18').click(function(event){\n\t\t\towl_goto.trigger('to.owl.carousel', 17);\n\t\t});\n\t\tjQuery('.sample_slider_goto19').click(function(event){\n\t\t\towl_goto.trigger('to.owl.carousel', 18);\n\t\t});\n\t\tjQuery('.sample_slider_goto20').click(function(event){\n\t\t\towl_goto.trigger('to.owl.carousel', 19);\n\t\t});\n\t\tjQuery('.sample_slider_goto21').click(function(event){\n\t\t\towl_goto.trigger('to.owl.carousel', 20);\n\t\t});\n\t\tjQuery('.sample_slider_goto22').click(function(event){\n\t\t\towl_goto.trigger('to.owl.carousel', 21);\n\t\t});\n\t\tjQuery('.sample_slider_goto23').click(function(event){\n\t\t\towl_goto.trigger('to.owl.carousel', 22);\n\t\t});\n\t\tjQuery('.sample_slider_goto24').click(function(event){\n\t\t\towl_goto.trigger('to.owl.carousel', 23);\n\t\t});\n\t\tjQuery('.sample_slider_goto25').click(function(event){\n\t\t\towl_goto.trigger('to.owl.carousel', 24);\n\t\t});\n\t\tjQuery('.sample_slider_goto26').click(function(event){\n\t\t\towl_goto.trigger('to.owl.carousel', 25);\n\t\t});\n\t\tvar resize_10437 = jQuery('.owl-carousel');\n\t\tresize_10437.on('initialized.owl.carousel', function(e) {\n\t\t\tif (typeof(Event) === 'function') {\n\t\t\t\twindow.dispatchEvent(new Event('resize'));\n\t\t\t} else {\n\t\t\t\tvar evt = window.document.createEvent('UIEvents');\n\t\t\t\tevt.initUIEvent('resize', true, false, window, 0);\n\t\t\t\twindow.dispatchEvent(evt);\n\t\t\t}\n\t\t});\n\t});\n<\/script>\n[\/et_pb_code][\/et_pb_column][\/et_pb_row][et_pb_row _builder_version=&#8220;4.18.0&#8243; _module_preset=&#8220;default&#8220; global_colors_info=&#8220;{}&#8220;][et_pb_column type=&#8220;4_4&#8243; _builder_version=&#8220;4.18.0&#8243; _module_preset=&#8220;default&#8220; global_colors_info=&#8220;{}&#8220;][et_pb_text content_tablet=&#8220;<\/p>\n<h3 data-start=%22111%22 data-end=%22166%22 style=%22text-align: center;%22>LEITLINIEN DER UNTERNEHMENSKOMMUNIKATION<\/h3>\n<p style=%22text-align: center;%22>\n<p>&#8220; content_phone=&#8220;<\/p>\n<h3 data-start=%22111%22 data-end=%22166%22 style=%22text-align: center;%22><strong>LEITLINIEN DER UNTERNEHMENS-KOMMUNIKATION<\/strong><\/h3>\n<p>&#8220; content_last_edited=&#8220;on|phone&#8220; _builder_version=&#8220;4.21.0&#8243; _module_preset=&#8220;default&#8220; header_font_size_tablet=&#8220;&#8220; header_font_size_phone=&#8220;20px&#8220; header_font_size_last_edited=&#8220;on|phone&#8220; global_colors_info=&#8220;{}&#8220;]<\/p>\n<h1 style=\"text-align: center;\"><strong><span>\u00a0<\/span><\/strong><\/h1>\n<h3 data-start=\"111\" data-end=\"166\" style=\"text-align: center;\"><strong>LEITLINIEN DER UNTERNEHMENSKOMMUNIKATION<\/strong><\/h3>\n<p>[\/et_pb_text][\/et_pb_column][\/et_pb_row][et_pb_row column_structure=&#8220;3_5,2_5&#8243; _builder_version=&#8220;4.21.0&#8243; _module_preset=&#8220;default&#8220; custom_margin=&#8220;-7px|auto||auto||&#8220; custom_padding=&#8220;17px|||||&#8220; global_colors_info=&#8220;{}&#8220;][et_pb_column type=&#8220;3_5&#8243; _builder_version=&#8220;4.21.0&#8243; _module_preset=&#8220;default&#8220; global_colors_info=&#8220;{}&#8220;][et_pb_text _builder_version=&#8220;4.21.0&#8243; _module_preset=&#8220;default&#8220; text_font_size=&#8220;15px&#8220; global_colors_info=&#8220;{}&#8220;]<\/p>\n<p>In diesem Dokument finden Sie die offiziellen Leitlinien und Grunds\u00e4tze unserer Unternehmenspolitik. <br \/>Es beschreibt unser Selbstverst\u00e4ndnis in den Bereichen Kommunikation, Qualit\u00e4t, Energie, Arbeitssicherheit und Umwelt. Die zehn Leits\u00e4tze bieten Ihnen Orientierung f\u00fcr ein verantwortungsvolles, nachhaltiges und partnerschaftliches Handeln auf allen Ebenen.<\/p>\n<p>\ud83d\udcc4 <strong data-start=\"530\" data-end=\"638\">Laden Sie hier die <span style=\"color: #0c71c3;\"><a href=\"https:\/\/www.ser-gmbh.net\/wp-content\/uploads\/2025\/08\/250203_Unternehmenskommunikation_Leitlinien_Politik.pdf\" style=\"color: #0c71c3;\">PDF-Datei herunter<\/a> <\/span>und erhalten Sie einen Einblick in unsere Werte und Zielsetzungen.<\/strong><\/p>\n<p>[\/et_pb_text][\/et_pb_column][et_pb_column type=&#8220;2_5&#8243; _builder_version=&#8220;4.21.0&#8243; _module_preset=&#8220;default&#8220; global_colors_info=&#8220;{}&#8220;][et_pb_image src=&#8220;https:\/\/www.ser-gmbh.net\/wp-content\/uploads\/2025\/08\/leitlinien.png&#8220; title_text=&#8220;leitlinien&#8220; url=&#8220;https:\/\/www.ser-gmbh.net\/wp-content\/uploads\/2025\/08\/250203_Unternehmenskommunikation_Leitlinien_Politik.pdf&#8220; url_new_window=&#8220;on&#8220; _builder_version=&#8220;4.21.0&#8243; _module_preset=&#8220;default&#8220; box_shadow_style=&#8220;preset1&#8243; global_colors_info=&#8220;{}&#8220;][\/et_pb_image][\/et_pb_column][\/et_pb_row][\/et_pb_section][et_pb_section fb_built=&#8220;1&#8243; _builder_version=&#8220;4.17.4&#8243; _module_preset=&#8220;default&#8220; custom_margin=&#8220;-32px|||||&#8220; custom_padding=&#8220;22px||0px|||&#8220; global_colors_info=&#8220;{}&#8220;][et_pb_row _builder_version=&#8220;4.17.4&#8243; _module_preset=&#8220;default&#8220; custom_padding=&#8220;||17px|||&#8220; global_colors_info=&#8220;{}&#8220;][et_pb_column type=&#8220;4_4&#8243; _builder_version=&#8220;4.17.4&#8243; _module_preset=&#8220;default&#8220; global_colors_info=&#8220;{}&#8220;][et_pb_divider _builder_version=&#8220;4.18.0&#8243; _module_preset=&#8220;default&#8220; global_colors_info=&#8220;{}&#8220;][\/et_pb_divider][et_pb_text _builder_version=&#8220;4.18.0&#8243; _module_preset=&#8220;default&#8220; global_colors_info=&#8220;{}&#8220;]<\/p>\n<h1 style=\"text-align: center;\"><strong>SER<\/strong><span>\u00a0<\/span>IST QUALIFIZIERT UND ZERTIFIZIERT<\/h1>\n<p>[\/et_pb_text][\/et_pb_column][\/et_pb_row][et_pb_row _builder_version=&#8220;4.18.0&#8243; _module_preset=&#8220;default&#8220; custom_padding=&#8220;9px||15px|||&#8220; global_colors_info=&#8220;{}&#8220;][et_pb_column type=&#8220;4_4&#8243; _builder_version=&#8220;4.18.0&#8243; _module_preset=&#8220;default&#8220; global_colors_info=&#8220;{}&#8220;][et_pb_text _builder_version=&#8220;4.18.0&#8243; _module_preset=&#8220;default&#8220; text_font_size=&#8220;16px&#8220; global_colors_info=&#8220;{}&#8220;]<\/p>\n<p style=\"text-align: center;\"><span>Zertifikate sind ein wichtiger Nachweis innerhalb der strengen Qualit\u00e4tssicherung im Baugewerbe.<\/span><br \/><span>Wir sind Mitglied in verschiedenen Verb\u00e4nden und Organisationen und besitzen Zertifikate,<\/span><br \/><span>die Ihnen geschulte Mitarbeiter, h\u00f6chste Sicherheit und beste Qualit\u00e4t garantieren.<\/span><\/p>\n<p>[\/et_pb_text][\/et_pb_column][\/et_pb_row][et_pb_row column_structure=&#8220;1_6,1_6,1_6,1_6,1_6,1_6&#8243; _builder_version=&#8220;4.18.0&#8243; _module_preset=&#8220;default&#8220; custom_padding=&#8220;12px|||||&#8220; global_colors_info=&#8220;{}&#8220;][et_pb_column type=&#8220;1_6&#8243; _builder_version=&#8220;4.18.0&#8243; _module_preset=&#8220;default&#8220; global_colors_info=&#8220;{}&#8220;][et_pb_image src=&#8220;https:\/\/www.ser-gmbh.net\/wp-content\/uploads\/2022\/09\/zer-qms-2-300&#215;156-1.png&#8220; title_text=&#8220;zer-qms-2-300&#215;156&#8243; url=&#8220;https:\/\/www.ser-gmbh.net\/wp-content\/uploads\/2023\/12\/SER_Z1916_284206_618_Z1916_2023-2025_2_1.pdf&#8220; url_new_window=&#8220;on&#8220; align=&#8220;center&#8220; _builder_version=&#8220;4.21.0&#8243; _module_preset=&#8220;default&#8220; transform_scale=&#8220;140%|140%&#8220; transform_scale_tablet=&#8220;140%|140%&#8220; transform_scale_phone=&#8220;148%|148%&#8220; transform_scale_last_edited=&#8220;on|phone&#8220; transform_translate=&#8220;10px|7px&#8220; transform_translate_tablet=&#8220;10px|7px&#8220; transform_translate_phone=&#8220;6px|7px&#8220; transform_translate_last_edited=&#8220;on|phone&#8220; transform_rotate_tablet=&#8220;&#8220; transform_rotate_phone=&#8220;&#8220; transform_rotate_last_edited=&#8220;on|phone&#8220; transform_skew_tablet=&#8220;&#8220; transform_skew_phone=&#8220;&#8220; transform_skew_last_edited=&#8220;on|phone&#8220; transform_origin_tablet=&#8220;&#8220; transform_origin_phone=&#8220;&#8220; transform_origin_last_edited=&#8220;on|phone&#8220; transform_styles_last_edited=&#8220;on|phone&#8220; width_tablet=&#8220;&#8220; width_phone=&#8220;100%&#8220; width_last_edited=&#8220;on|phone&#8220; transform_styles_tablet=&#8220;&#8220; transform_styles_phone=&#8220;&#8220; global_colors_info=&#8220;{}&#8220;][\/et_pb_image][\/et_pb_column][et_pb_column type=&#8220;1_6&#8243; _builder_version=&#8220;4.18.0&#8243; _module_preset=&#8220;default&#8220; global_colors_info=&#8220;{}&#8220;][et_pb_image src=&#8220;https:\/\/www.ser-gmbh.net\/wp-content\/uploads\/2022\/09\/SER_Sam-Bef_12_2014.jpg-300&#215;300-1.jpg&#8220; title_text=&#8220;SER_Sam-Bef_12_2014.jpg-300&#215;300&#8243; url=&#8220;https:\/\/www.ser-gmbh.net\/wp-content\/uploads\/2025\/10\/Z1915_321782_ZZET017001207010_EFB-Zertifikat.pdf&#8220; url_new_window=&#8220;on&#8220; align=&#8220;center&#8220; _builder_version=&#8220;4.21.0&#8243; _module_preset=&#8220;default&#8220; transform_scale=&#8220;136%|136%&#8220; transform_scale_tablet=&#8220;136%|136%&#8220; transform_scale_phone=&#8220;92%|92%&#8220; transform_scale_last_edited=&#8220;on|phone&#8220; transform_translate=&#8220;6px|18px&#8220; transform_translate_tablet=&#8220;6px|18px&#8220; transform_translate_phone=&#8220;6px|18px&#8220; transform_translate_last_edited=&#8220;on|phone&#8220; transform_rotate_tablet=&#8220;&#8220; transform_rotate_phone=&#8220;&#8220; transform_rotate_last_edited=&#8220;on|phone&#8220; transform_skew_tablet=&#8220;&#8220; transform_skew_phone=&#8220;&#8220; transform_skew_last_edited=&#8220;on|phone&#8220; transform_origin_tablet=&#8220;&#8220; transform_origin_phone=&#8220;&#8220; transform_origin_last_edited=&#8220;on|phone&#8220; transform_styles_last_edited=&#8220;on|phone&#8220; width=&#8220;43%&#8220; width_tablet=&#8220;43%&#8220; width_phone=&#8220;62%&#8220; width_last_edited=&#8220;on|phone&#8220; transform_styles_tablet=&#8220;&#8220; transform_styles_phone=&#8220;&#8220; global_colors_info=&#8220;{}&#8220;][\/et_pb_image][\/et_pb_column][et_pb_column type=&#8220;1_6&#8243; _builder_version=&#8220;4.18.0&#8243; _module_preset=&#8220;default&#8220; global_colors_info=&#8220;{}&#8220;][et_pb_image src=&#8220;https:\/\/www.ser-gmbh.net\/wp-content\/uploads\/2024\/04\/40012024.png&#8220; title_text=&#8220;40012024&#8243; url=&#8220;https:\/\/www.ser-gmbh.net\/wp-content\/uploads\/2024\/04\/Z3552_290962_618_Z3552_2024-2027_1_SER.pdf&#8220; url_new_window=&#8220;on&#8220; _builder_version=&#8220;4.21.0&#8243; _module_preset=&#8220;default&#8220; transform_scale=&#8220;87%|87%&#8220; transform_translate=&#8220;0px|-19px&#8220; global_colors_info=&#8220;{}&#8220;][\/et_pb_image][\/et_pb_column][et_pb_column type=&#8220;1_6&#8243; _builder_version=&#8220;4.18.0&#8243; _module_preset=&#8220;default&#8220; global_colors_info=&#8220;{}&#8220;][et_pb_image src=&#8220;https:\/\/www.ser-gmbh.net\/wp-content\/uploads\/2025\/05\/50001.png&#8220; title_text=&#8220;50001&#8243; url=&#8220;https:\/\/www.ser-gmbh.net\/wp-content\/uploads\/2025\/05\/SER_EM_28.04.2028.pdf&#8220; _builder_version=&#8220;4.21.0&#8243; _module_preset=&#8220;default&#8220; transform_scale_tablet=&#8220;76%|76%&#8220; transform_scale_phone=&#8220;66%|66%&#8220; transform_scale_last_edited=&#8220;on|phone&#8220; transform_translate_tablet=&#8220;&#8220; transform_translate_phone=&#8220;0px|-82px&#8220; transform_translate_last_edited=&#8220;on|phone&#8220; transform_rotate_tablet=&#8220;&#8220; transform_rotate_phone=&#8220;&#8220; transform_rotate_last_edited=&#8220;on|phone&#8220; transform_skew_tablet=&#8220;&#8220; transform_skew_phone=&#8220;&#8220; transform_skew_last_edited=&#8220;on|phone&#8220; transform_origin_tablet=&#8220;&#8220; transform_origin_phone=&#8220;&#8220; transform_origin_last_edited=&#8220;on|phone&#8220; transform_styles_last_edited=&#8220;on|phone&#8220; width=&#8220;60%&#8220; transform_styles_tablet=&#8220;&#8220; transform_styles_phone=&#8220;&#8220; global_colors_info=&#8220;{}&#8220;][\/et_pb_image][\/et_pb_column][et_pb_column type=&#8220;1_6&#8243; _builder_version=&#8220;4.18.0&#8243; _module_preset=&#8220;default&#8220; global_colors_info=&#8220;{}&#8220;][et_pb_image src=&#8220;https:\/\/www.ser-gmbh.net\/wp-content\/uploads\/2022\/09\/bg-bau-495&#215;400-1.png&#8220; title_text=&#8220;bg-bau-495&#215;400&#8243; align=&#8220;center&#8220; _builder_version=&#8220;4.18.0&#8243; _module_preset=&#8220;default&#8220; global_colors_info=&#8220;{}&#8220;][\/et_pb_image][\/et_pb_column][et_pb_column type=&#8220;1_6&#8243; _builder_version=&#8220;4.18.0&#8243; _module_preset=&#8220;default&#8220; global_colors_info=&#8220;{}&#8220;][et_pb_image src=&#8220;https:\/\/www.ser-gmbh.net\/wp-content\/uploads\/2022\/09\/ihk-495&#215;400-1.png&#8220; title_text=&#8220;ihk-495&#215;400&#8243; url=&#8220;https:\/\/ser-gmbh.net\/wp-content\/uploads\/2022\/10\/Zertifikat-IHK.pdf&#8220; url_new_window=&#8220;on&#8220; align=&#8220;center&#8220; _builder_version=&#8220;4.18.0&#8243; _module_preset=&#8220;default&#8220; global_colors_info=&#8220;{}&#8220;][\/et_pb_image][\/et_pb_column][\/et_pb_row][et_pb_row column_structure=&#8220;1_6,1_6,1_6,1_6,1_6,1_6&#8243; _builder_version=&#8220;4.18.0&#8243; _module_preset=&#8220;default&#8220; global_colors_info=&#8220;{}&#8220;][et_pb_column type=&#8220;1_6&#8243; _builder_version=&#8220;4.18.0&#8243; _module_preset=&#8220;default&#8220; global_colors_info=&#8220;{}&#8220;][et_pb_image src=&#8220;https:\/\/www.ser-gmbh.net\/wp-content\/uploads\/2025\/04\/V1_DAV_Logo_RGB_06_2020.jpg&#8220; title_text=&#8220;V1_DAV_Logo_RGB_06_2020&#8243; align=&#8220;center&#8220; _builder_version=&#8220;4.21.0&#8243; _module_preset=&#8220;default&#8220; transform_translate=&#8220;0px|-8px&#8220; global_colors_info=&#8220;{}&#8220;][\/et_pb_image][\/et_pb_column][et_pb_column type=&#8220;1_6&#8243; _builder_version=&#8220;4.18.0&#8243; _module_preset=&#8220;default&#8220; global_colors_info=&#8220;{}&#8220;][et_pb_image src=&#8220;https:\/\/www.ser-gmbh.net\/wp-content\/uploads\/2022\/09\/180322_logo_dualehochschule_mos-1.png&#8220; title_text=&#8220;180322_logo_dualehochschule_mos-1&#8243; url=&#8220;http:\/\/www.ser-gmbh.net\/wp-content\/uploads\/2022\/10\/Zertifikat-Duale-Hochschule.pdf&#8220; align=&#8220;center&#8220; _builder_version=&#8220;4.18.0&#8243; _module_preset=&#8220;default&#8220; transform_scale_tablet=&#8220;&#8220; transform_scale_phone=&#8220;&#8220; transform_scale_last_edited=&#8220;on|phone&#8220; transform_translate_tablet=&#8220;-7px|-35px&#8220; transform_translate_phone=&#8220;0px|-40px&#8220; transform_translate_last_edited=&#8220;on|phone&#8220; transform_rotate_tablet=&#8220;&#8220; transform_rotate_phone=&#8220;&#8220; transform_rotate_last_edited=&#8220;on|phone&#8220; transform_skew_tablet=&#8220;&#8220; transform_skew_phone=&#8220;&#8220; transform_skew_last_edited=&#8220;on|phone&#8220; transform_origin_tablet=&#8220;&#8220; transform_origin_phone=&#8220;&#8220; transform_origin_last_edited=&#8220;on|phone&#8220; transform_styles_last_edited=&#8220;on|phone&#8220; transform_styles_tablet=&#8220;&#8220; transform_styles_phone=&#8220;&#8220; global_colors_info=&#8220;{}&#8220;][\/et_pb_image][\/et_pb_column][et_pb_column type=&#8220;1_6&#8243; _builder_version=&#8220;4.18.0&#8243; _module_preset=&#8220;default&#8220; global_colors_info=&#8220;{}&#8220;][et_pb_image src=&#8220;https:\/\/www.ser-gmbh.net\/wp-content\/uploads\/2022\/09\/pq-vob-300&#215;156-1.png&#8220; title_text=&#8220;pq-vob-300&#215;156&#8243; url=&#8220;http:\/\/www.ser-gmbh.net\/wp-content\/uploads\/2022\/10\/Pra\u0308qualifikation-bis-11.04.2023.pdf&#8220; align=&#8220;center&#8220; _builder_version=&#8220;4.18.0&#8243; _module_preset=&#8220;default&#8220; global_colors_info=&#8220;{}&#8220;][\/et_pb_image][\/et_pb_column][et_pb_column type=&#8220;1_6&#8243; _builder_version=&#8220;4.18.0&#8243; _module_preset=&#8220;default&#8220; global_colors_info=&#8220;{}&#8220;][et_pb_image src=&#8220;https:\/\/www.ser-gmbh.net\/wp-content\/uploads\/2022\/09\/ral-495&#215;400-1.png&#8220; title_text=&#8220;ral-495&#215;400&#8243; url=&#8220;https:\/\/www.ser-gmbh.net\/wp-content\/uploads\/2025\/11\/SKM_C450i25110411130.pdf&#8220; url_new_window=&#8220;on&#8220; align=&#8220;center&#8220; _builder_version=&#8220;4.21.0&#8243; _module_preset=&#8220;default&#8220; transform_scale_tablet=&#8220;&#8220; transform_scale_phone=&#8220;&#8220; transform_scale_last_edited=&#8220;on|desktop&#8220; transform_translate=&#8220;-4px|-35px&#8220; transform_translate_tablet=&#8220;-4px|-35px&#8220; transform_translate_phone=&#8220;-4px|-35px&#8220; transform_translate_last_edited=&#8220;on|tablet&#8220; transform_rotate_tablet=&#8220;&#8220; transform_rotate_phone=&#8220;&#8220; transform_rotate_last_edited=&#8220;on|desktop&#8220; transform_skew_tablet=&#8220;&#8220; transform_skew_phone=&#8220;&#8220; transform_skew_last_edited=&#8220;on|desktop&#8220; transform_origin_tablet=&#8220;&#8220; transform_origin_phone=&#8220;&#8220; transform_origin_last_edited=&#8220;on|desktop&#8220; transform_styles_last_edited=&#8220;on|tablet&#8220; hover_enabled=&#8220;0&#8243; transform_styles_tablet=&#8220;&#8220; transform_styles_phone=&#8220;&#8220; global_colors_info=&#8220;{}&#8220; sticky_enabled=&#8220;0&#8243;][\/et_pb_image][\/et_pb_column][et_pb_column type=&#8220;1_6&#8243; _builder_version=&#8220;4.18.0&#8243; _module_preset=&#8220;default&#8220; global_colors_info=&#8220;{}&#8220;][et_pb_image src=&#8220;https:\/\/www.ser-gmbh.net\/wp-content\/uploads\/2023\/05\/DGNB_Mitglied_Verein-UZ.jpg&#8220; title_text=&#8220;DGNB_Mitglied_Verein-UZ&#8220; _builder_version=&#8220;4.18.0&#8243; _module_preset=&#8220;default&#8220; transform_scale_tablet=&#8220;&#8220; transform_scale_phone=&#8220;&#8220; transform_scale_last_edited=&#8220;on|phone&#8220; transform_translate=&#8220;-4px|31px&#8220; transform_translate_tablet=&#8220;-12px|7px&#8220; transform_translate_phone=&#8220;8px|-82px&#8220; transform_translate_last_edited=&#8220;on|desktop&#8220; transform_rotate_tablet=&#8220;&#8220; transform_rotate_phone=&#8220;&#8220; transform_rotate_last_edited=&#8220;on|desktop&#8220; transform_skew_tablet=&#8220;&#8220; transform_skew_phone=&#8220;&#8220; transform_skew_last_edited=&#8220;on|desktop&#8220; transform_origin_tablet=&#8220;&#8220; transform_origin_phone=&#8220;&#8220; transform_origin_last_edited=&#8220;on|desktop&#8220; transform_styles_last_edited=&#8220;on|desktop&#8220; transform_styles_tablet=&#8220;&#8220; transform_styles_phone=&#8220;&#8220; global_colors_info=&#8220;{}&#8220;][\/et_pb_image][\/et_pb_column][et_pb_column type=&#8220;1_6&#8243; _builder_version=&#8220;4.18.0&#8243; _module_preset=&#8220;default&#8220; global_colors_info=&#8220;{}&#8220;][et_pb_image src=&#8220;https:\/\/www.ser-gmbh.net\/wp-content\/uploads\/2022\/09\/bvse-495&#215;400-1.png&#8220; title_text=&#8220;bvse-495&#215;400&#8243; align=&#8220;center&#8220; _builder_version=&#8220;4.18.0&#8243; _module_preset=&#8220;default&#8220; global_colors_info=&#8220;{}&#8220;][\/et_pb_image][\/et_pb_column][\/et_pb_row][\/et_pb_section]<\/p>\n","protected":false},"excerpt":{"rendered":"<p>DAS UNTERNEHMENUNTERNEHMENSVERBUNDDie SER- Sanierung im Erd,- und R\u00fcckbau GmbH ist Teil unseres Unternehmensverbunds. Haben Sie uns, haben Sie alle!Profitieren Sie aus der engen und l\u00f6sungsorientierten Zusammenarbeit unserer Unternehmensgruppe.SCHNELL, FLEXIBEL UND ABGESTIMMT! &nbsp;RUZ\u00a0\u2013\u00a0www.ruz-mineralik.netWir sind ein erfahrenes Unternehmen f\u00fcr Dienstleistungen im Bereich der Entsorgung und Verwertung von mineralischen Abf\u00e4llen.Garbe Gruppe \u2013\u00a0www.garbe-gruppe.de Mit Schwerpunkt auf Abbruch, Baugruben, Recycling, [&hellip;]<\/p>\n","protected":false},"author":1,"featured_media":0,"parent":0,"menu_order":0,"comment_status":"closed","ping_status":"closed","template":"","meta":{"_et_pb_use_builder":"on","_et_pb_old_content":"","_et_gb_content_width":"","footnotes":""},"class_list":["post-9599","page","type-page","status-publish","hentry"],"yoast_head":"<!-- This site is optimized with the Yoast SEO plugin v24.8.1 - https:\/\/yoast.com\/wordpress\/plugins\/seo\/ -->\n<title>Unternehmen - SER Sanierung im Erd und R\u00fcckbau GmbH<\/title>\n<meta name=\"robots\" content=\"index, follow, max-snippet:-1, max-image-preview:large, max-video-preview:-1\" \/>\n<link rel=\"canonical\" href=\"https:\/\/www.ser-gmbh.net\/index.php\/unternehmen\/\" \/>\n<meta property=\"og:locale\" content=\"de_DE\" \/>\n<meta property=\"og:type\" content=\"article\" \/>\n<meta property=\"og:title\" content=\"Unternehmen - SER Sanierung im Erd und R\u00fcckbau GmbH\" \/>\n<meta property=\"og:description\" content=\"DAS UNTERNEHMENUNTERNEHMENSVERBUNDDie SER- Sanierung im Erd,- und R\u00fcckbau GmbH ist Teil unseres Unternehmensverbunds. Haben Sie uns, haben Sie alle!Profitieren Sie aus der engen und l\u00f6sungsorientierten Zusammenarbeit unserer Unternehmensgruppe.SCHNELL, FLEXIBEL UND ABGESTIMMT! &nbsp;RUZ\u00a0\u2013\u00a0www.ruz-mineralik.netWir sind ein erfahrenes Unternehmen f\u00fcr Dienstleistungen im Bereich der Entsorgung und Verwertung von mineralischen Abf\u00e4llen.Garbe Gruppe \u2013\u00a0www.garbe-gruppe.de Mit Schwerpunkt auf Abbruch, Baugruben, Recycling, [&hellip;]\" \/>\n<meta property=\"og:url\" content=\"https:\/\/www.ser-gmbh.net\/index.php\/unternehmen\/\" \/>\n<meta property=\"og:site_name\" content=\"SER Sanierung im Erd und R\u00fcckbau GmbH\" \/>\n<meta property=\"article:modified_time\" content=\"2025-11-04T11:00:09+00:00\" \/>\n<meta name=\"twitter:card\" content=\"summary_large_image\" \/>\n<meta name=\"twitter:label1\" content=\"Gesch\u00e4tzte Lesezeit\" \/>\n\t<meta name=\"twitter:data1\" content=\"5\u00a0Minuten\" \/>\n<script type=\"application\/ld+json\" class=\"yoast-schema-graph\">{\"@context\":\"https:\/\/schema.org\",\"@graph\":[{\"@type\":\"WebPage\",\"@id\":\"https:\/\/www.ser-gmbh.net\/index.php\/unternehmen\/\",\"url\":\"https:\/\/www.ser-gmbh.net\/index.php\/unternehmen\/\",\"name\":\"Unternehmen - SER Sanierung im Erd und R\u00fcckbau GmbH\",\"isPartOf\":{\"@id\":\"https:\/\/www.ser-gmbh.net\/#website\"},\"datePublished\":\"2022-08-08T10:40:31+00:00\",\"dateModified\":\"2025-11-04T11:00:09+00:00\",\"breadcrumb\":{\"@id\":\"https:\/\/www.ser-gmbh.net\/index.php\/unternehmen\/#breadcrumb\"},\"inLanguage\":\"de\",\"potentialAction\":[{\"@type\":\"ReadAction\",\"target\":[\"https:\/\/www.ser-gmbh.net\/index.php\/unternehmen\/\"]}]},{\"@type\":\"BreadcrumbList\",\"@id\":\"https:\/\/www.ser-gmbh.net\/index.php\/unternehmen\/#breadcrumb\",\"itemListElement\":[{\"@type\":\"ListItem\",\"position\":1,\"name\":\"Startseite\",\"item\":\"https:\/\/www.ser-gmbh.net\/\"},{\"@type\":\"ListItem\",\"position\":2,\"name\":\"Unternehmen\"}]},{\"@type\":\"WebSite\",\"@id\":\"https:\/\/www.ser-gmbh.net\/#website\",\"url\":\"https:\/\/www.ser-gmbh.net\/\",\"name\":\"SER Sanierung im Erd und R\u00fcckbau GmbH\",\"description\":\"\",\"potentialAction\":[{\"@type\":\"SearchAction\",\"target\":{\"@type\":\"EntryPoint\",\"urlTemplate\":\"https:\/\/www.ser-gmbh.net\/?s={search_term_string}\"},\"query-input\":{\"@type\":\"PropertyValueSpecification\",\"valueRequired\":true,\"valueName\":\"search_term_string\"}}],\"inLanguage\":\"de\"}]}<\/script>\n<!-- \/ Yoast SEO plugin. -->","yoast_head_json":{"title":"Unternehmen - SER Sanierung im Erd und R\u00fcckbau GmbH","robots":{"index":"index","follow":"follow","max-snippet":"max-snippet:-1","max-image-preview":"max-image-preview:large","max-video-preview":"max-video-preview:-1"},"canonical":"https:\/\/www.ser-gmbh.net\/index.php\/unternehmen\/","og_locale":"de_DE","og_type":"article","og_title":"Unternehmen - SER Sanierung im Erd und R\u00fcckbau GmbH","og_description":"DAS UNTERNEHMENUNTERNEHMENSVERBUNDDie SER- Sanierung im Erd,- und R\u00fcckbau GmbH ist Teil unseres Unternehmensverbunds. Haben Sie uns, haben Sie alle!Profitieren Sie aus der engen und l\u00f6sungsorientierten Zusammenarbeit unserer Unternehmensgruppe.SCHNELL, FLEXIBEL UND ABGESTIMMT! &nbsp;RUZ\u00a0\u2013\u00a0www.ruz-mineralik.netWir sind ein erfahrenes Unternehmen f\u00fcr Dienstleistungen im Bereich der Entsorgung und Verwertung von mineralischen Abf\u00e4llen.Garbe Gruppe \u2013\u00a0www.garbe-gruppe.de Mit Schwerpunkt auf Abbruch, Baugruben, Recycling, [&hellip;]","og_url":"https:\/\/www.ser-gmbh.net\/index.php\/unternehmen\/","og_site_name":"SER Sanierung im Erd und R\u00fcckbau GmbH","article_modified_time":"2025-11-04T11:00:09+00:00","twitter_card":"summary_large_image","twitter_misc":{"Gesch\u00e4tzte Lesezeit":"5\u00a0Minuten"},"schema":{"@context":"https:\/\/schema.org","@graph":[{"@type":"WebPage","@id":"https:\/\/www.ser-gmbh.net\/index.php\/unternehmen\/","url":"https:\/\/www.ser-gmbh.net\/index.php\/unternehmen\/","name":"Unternehmen - SER Sanierung im Erd und R\u00fcckbau GmbH","isPartOf":{"@id":"https:\/\/www.ser-gmbh.net\/#website"},"datePublished":"2022-08-08T10:40:31+00:00","dateModified":"2025-11-04T11:00:09+00:00","breadcrumb":{"@id":"https:\/\/www.ser-gmbh.net\/index.php\/unternehmen\/#breadcrumb"},"inLanguage":"de","potentialAction":[{"@type":"ReadAction","target":["https:\/\/www.ser-gmbh.net\/index.php\/unternehmen\/"]}]},{"@type":"BreadcrumbList","@id":"https:\/\/www.ser-gmbh.net\/index.php\/unternehmen\/#breadcrumb","itemListElement":[{"@type":"ListItem","position":1,"name":"Startseite","item":"https:\/\/www.ser-gmbh.net\/"},{"@type":"ListItem","position":2,"name":"Unternehmen"}]},{"@type":"WebSite","@id":"https:\/\/www.ser-gmbh.net\/#website","url":"https:\/\/www.ser-gmbh.net\/","name":"SER Sanierung im Erd und R\u00fcckbau GmbH","description":"","potentialAction":[{"@type":"SearchAction","target":{"@type":"EntryPoint","urlTemplate":"https:\/\/www.ser-gmbh.net\/?s={search_term_string}"},"query-input":{"@type":"PropertyValueSpecification","valueRequired":true,"valueName":"search_term_string"}}],"inLanguage":"de"}]}},"_links":{"self":[{"href":"https:\/\/www.ser-gmbh.net\/index.php\/wp-json\/wp\/v2\/pages\/9599","targetHints":{"allow":["GET"]}}],"collection":[{"href":"https:\/\/www.ser-gmbh.net\/index.php\/wp-json\/wp\/v2\/pages"}],"about":[{"href":"https:\/\/www.ser-gmbh.net\/index.php\/wp-json\/wp\/v2\/types\/page"}],"author":[{"embeddable":true,"href":"https:\/\/www.ser-gmbh.net\/index.php\/wp-json\/wp\/v2\/users\/1"}],"replies":[{"embeddable":true,"href":"https:\/\/www.ser-gmbh.net\/index.php\/wp-json\/wp\/v2\/comments?post=9599"}],"version-history":[{"count":14,"href":"https:\/\/www.ser-gmbh.net\/index.php\/wp-json\/wp\/v2\/pages\/9599\/revisions"}],"predecessor-version":[{"id":11617,"href":"https:\/\/www.ser-gmbh.net\/index.php\/wp-json\/wp\/v2\/pages\/9599\/revisions\/11617"}],"wp:attachment":[{"href":"https:\/\/www.ser-gmbh.net\/index.php\/wp-json\/wp\/v2\/media?parent=9599"}],"curies":[{"name":"wp","href":"https:\/\/api.w.org\/{rel}","templated":true}]}}